{"id":3022,"date":"2019-10-16T10:44:59","date_gmt":"2019-10-16T08:44:59","guid":{"rendered":"https:\/\/engelaere-editions.com\/blog\/?post_type=product&#038;p=3022"},"modified":"2023-12-16T17:00:28","modified_gmt":"2023-12-16T16:00:28","slug":"la-fille-au-grain-dans-loeil","status":"publish","type":"product","link":"https:\/\/engelaere-editions.com\/blog\/produit\/la-fille-au-grain-dans-loeil\/","title":{"rendered":"La Fille au grain dans l&rsquo;\u0153il \u00b7 Claude Tillier &#038; Anne-Claire Giraudet"},"content":{"rendered":"<blockquote><p>La beaut\u00e9 ou la laideur est dans l\u2019\u0153il de celui qui regarde.<br \/>\nOscar Wilde<\/p><\/blockquote>\n<p>Venez d\u00e9couvrir un conte de No\u00ebl qui ensorcelle.<br \/>\nCynthia est-elle vraiment la fille d\u2019une sorci\u00e8re\u00a0?<br \/>\nSa beaut\u00e9 int\u00e9rieure est-elle sup\u00e9rieure \u00e0 sa beaut\u00e9 ext\u00e9rieure ?<br \/>\nVa-t-elle sauver sa m\u00e8re d\u2019un terrible sort\u00a0?<br \/>\nCynthia est-elle \u00e0 l\u2019origine de l\u2019expression grain de beaut\u00e9 ?<br \/>\nCe n\u2019est qu\u2019en lisant ce conte que tout vous sera r\u00e9v\u00e9l\u00e9.<\/p>\n<p><span style=\"color: #008080;\">Texte Claude Tillier<\/span><br \/>\n<span style=\"color: #008080;\">Illustrations Anne-Claire Giraudet<\/span><\/p>\n<p>&nbsp;<\/p>\n<p>Dipl\u00f4m\u00e9e en 2017 du DU Cr\u00e9ation de Bande dessin\u00e9e de la facult\u00e9 des Arts d\u2019Amiens, <span style=\"color: #008080;\"><strong>Anne-Claire Giraudet<\/strong><\/span> est artiste auteur freelance. Elle travaille sur des projets divers d\u2019illustration jeunesse, bande dessin\u00e9e, visuels d\u2019affiche, graphisme, mais aussi ateliers et cours de dessin et aquarelle. Elle travaille principalement avec des techniques traditionnelles, de pr\u00e9f\u00e9rence l\u2019aquarelle. Fascin\u00e9e par le travail de la lumi\u00e8re que ce soit en noir et blanc ou en couleur, elle d\u00e9veloppe des univers souvent oniriques m\u00ealant merveilleux et \u00e9tranget\u00e9.<\/p>\n<p><strong><span style=\"color: #008080;\">Claude Tillier<\/span><\/strong> habite \u00e0 Amiens o\u00f9 il travaille comme animateur culturel adulte dans la Maison de Jules Verne. Apr\u00e8s son polar <em>Le Tableau noir<\/em>, son roman fantastique <em>\u00c2me perdue chez Jules Verne<\/em>, il pr\u00e9sente aujourd\u2019hui son premier livre jeunesse, un conte <em>La Fille au grain dans l\u2019\u0153il<\/em> illustr\u00e9 par Anne-Claire Giraudet.<\/p>\n","protected":false},"excerpt":{"rendered":"<p>Format : 20 x 20 cm<br \/>\nNombre de pages : 28<br \/>\nISBN : 978-2-917621-47-9<\/p>\n","protected":false},"featured_media":3023,"template":"","meta":[],"product_brand":[],"product_cat":[103,102],"product_tag":[],"class_list":{"0":"post-3022","1":"product","2":"type-product","3":"status-publish","4":"has-post-thumbnail","6":"product_cat-livres-jeunesse","7":"product_cat-nouveautes","8":"product_shipping_class-petit","10":"first","11":"instock","12":"shipping-taxable","13":"purchasable","14":"product-type-simple"},"aioseo_notices":[],"_links":{"self":[{"href":"https:\/\/engelaere-editions.com\/blog\/wp-json\/wp\/v2\/product\/3022","targetHints":{"allow":["GET"]}}],"collection":[{"href":"https:\/\/engelaere-editions.com\/blog\/wp-json\/wp\/v2\/product"}],"about":[{"href":"https:\/\/engelaere-editions.com\/blog\/wp-json\/wp\/v2\/types\/product"}],"wp:featuredmedia":[{"embeddable":true,"href":"https:\/\/engelaere-editions.com\/blog\/wp-json\/wp\/v2\/media\/3023"}],"wp:attachment":[{"href":"https:\/\/engelaere-editions.com\/blog\/wp-json\/wp\/v2\/media?parent=3022"}],"wp:term":[{"taxonomy":"product_brand","embeddable":true,"href":"https:\/\/engelaere-editions.com\/blog\/wp-json\/wp\/v2\/product_brand?post=3022"},{"taxonomy":"product_cat","embeddable":true,"href":"https:\/\/engelaere-editions.com\/blog\/wp-json\/wp\/v2\/product_cat?post=3022"},{"taxonomy":"product_tag","embeddable":true,"href":"https:\/\/engelaere-editions.com\/blog\/wp-json\/wp\/v2\/product_tag?post=3022"}],"curies":[{"name":"wp","href":"https:\/\/api.w.org\/{rel}","templated":true}]}}